{"id":21,"date":"2024-03-15T10:09:13","date_gmt":"2024-03-15T10:09:13","guid":{"rendered":"https:\/\/auszeit-mit-panoramablick.de\/?page_id=21"},"modified":"2024-03-15T21:16:05","modified_gmt":"2024-03-15T21:16:05","slug":"beschreibung","status":"publish","type":"page","link":"https:\/\/auszeit-mit-panoramablick.de\/?page_id=21","title":{"rendered":"BESCHREIBUNG"},"content":{"rendered":"\n<p>Unsere neue, mit Liebe zum Detail hochwertig eingerichtete Ferienwohnung (102m\u00b2) erm\u00f6glicht Ihnen komfortables Wohnen in idyllischer und absolut ruhiger Lage.<br>Auf der sch\u00f6nen Terrasse und in den beiden Sitzecken im naturnahen Garten k\u00f6nnen Sie entspannen und die Seele nach Herzenslust baumeln lassen.<br>Ein Kfz-Stellplatz und Unterstellm\u00f6glichkeit f\u00fcr Fahrr\u00e4der, sowie Getr\u00e4nkeservice und WLAN-Anschluss sind selbstverst\u00e4ndlich vorhanden.<br>30 Gehminuten zur Stadtmitte, f\u00fcnf Gehminuten zum Fu\u00df-\/Radweg.<br>Allergiker freundliche Nichtraucherwohnung, daher bitten wir um Verst\u00e4ndnis, dass keine Haustiere mitgef\u00fchrt werden k\u00f6nnen.<\/p>\n\n\n\n<p>F\u00fcr Folgendes haben wir bereits gesorgt:<\/p>\n\n\n\n<ul class=\"wp-block-list\">\n<li>Handt\u00fccher, Badet\u00fccher und Geschirrt\u00fccher<\/li>\n\n\n\n<li>Bett- und Tischw\u00e4sche, Decken<\/li>\n\n\n\n<li>F\u00f6hn<\/li>\n\n\n\n<li>K\u00fcche mit Elektroherd, Backofen, Mikrowelle,<\/li>\n\n\n\n<li>Geschirrsp\u00fcler<\/li>\n\n\n\n<li>K\u00fchlschrank mit Gefrierfach<\/li>\n\n\n\n<li>Kaffemaschine, Espresskocher,<\/li>\n\n\n\n<li>Toaster<\/li>\n\n\n\n<li>Wasserkocher, Eierkocher, Mixer<\/li>\n\n\n\n<li>Waschmaschine<\/li>\n\n\n\n<li>Trockner<\/li>\n\n\n\n<li>Grill<\/li>\n\n\n\n<li>stilvolles Geschirr und edle Gl\u00e4ser<\/li>\n\n\n\n<li>Radio- und CD-Player<\/li>\n\n\n\n<li>Flachbildschirm mit Kabelfernsehen<\/li>\n\n\n\n<li>WLAN-Zugang<\/li>\n\n\n\n<li>Ruheliegen<\/li>\n\n\n\n<li>Getr\u00e4nkeservice<\/li>\n\n\n\n<li>Hometrainer<\/li>\n<\/ul>\n","protected":false},"excerpt":{"rendered":"<p>Unsere neue, mit Liebe zum Detail hochwertig eingerichtete Ferienwohnung (102m\u00b2) erm\u00f6glicht Ihnen komfortables Wohnen in idyllischer und absolut ruhiger Lage.Auf der sch\u00f6nen Terrasse und in<a href=\"https:\/\/auszeit-mit-panoramablick.de\/?page_id=21\" class=\"more-link\"><\/a><\/p>\n","protected":false},"author":1,"featured_media":0,"parent":0,"menu_order":0,"comment_status":"closed","ping_status":"closed","template":"","meta":{"footnotes":""},"class_list":["post-21","page","type-page","status-publish","hentry"],"_links":{"self":[{"href":"https:\/\/auszeit-mit-panoramablick.de\/index.php?rest_route=\/wp\/v2\/pages\/21","targetHints":{"allow":["GET"]}}],"collection":[{"href":"https:\/\/auszeit-mit-panoramablick.de\/index.php?rest_route=\/wp\/v2\/pages"}],"about":[{"href":"https:\/\/auszeit-mit-panoramablick.de\/index.php?rest_route=\/wp\/v2\/types\/page"}],"author":[{"embeddable":true,"href":"https:\/\/auszeit-mit-panoramablick.de\/index.php?rest_route=\/wp\/v2\/users\/1"}],"replies":[{"embeddable":true,"href":"https:\/\/auszeit-mit-panoramablick.de\/index.php?rest_route=%2Fwp%2Fv2%2Fcomments&post=21"}],"version-history":[{"count":2,"href":"https:\/\/auszeit-mit-panoramablick.de\/index.php?rest_route=\/wp\/v2\/pages\/21\/revisions"}],"predecessor-version":[{"id":372,"href":"https:\/\/auszeit-mit-panoramablick.de\/index.php?rest_route=\/wp\/v2\/pages\/21\/revisions\/372"}],"wp:attachment":[{"href":"https:\/\/auszeit-mit-panoramablick.de\/index.php?rest_route=%2Fwp%2Fv2%2Fmedia&parent=21"}],"curies":[{"name":"wp","href":"https:\/\/api.w.org\/{rel}","templated":true}]}}